{"id":290,"date":"2012-11-06T15:16:33","date_gmt":"2012-11-06T14:16:33","guid":{"rendered":"http:\/\/localhost\/wp-blum\/?page_id=290"},"modified":"2023-01-20T11:03:25","modified_gmt":"2023-01-20T10:03:25","slug":"impressum","status":"publish","type":"page","link":"https:\/\/www.weinhandel-blum.de\/whb\/index.php\/rechtliches\/impressum\/","title":{"rendered":"Impressum"},"content":{"rendered":"<p><span style=\"font-family: arial, helvetica, sans-serif; font-size: 18pt;\"><strong>Angaben gem\u00e4\u00df $5 TMG<\/strong><\/span><\/p>\n<p><span style=\"font-family: 'times new roman', times, serif; font-size: 14pt; color: #ff0000;\"><strong><span style=\"font-family: arial, helvetica, sans-serif; font-size: 14pt;\">Weinhandel<\/span> Blum; Grafenspitz 33; 94099 Ruhstorf<\/strong><\/span><\/p>\n<pre><strong><span style=\"font-family: arial, helvetica, sans-serif; font-size: 14pt;\">Vertreten durch:<\/span><\/strong>\r\n\r\n<span style=\"font-family: arial, helvetica, sans-serif; font-size: 14pt; color: #ff0000;\"><strong>Klaus Blum<\/strong><\/span><\/pre>\n<pre><strong><span style=\"font-family: 'times new roman', times, serif; font-size: 14pt;\"><span style=\"color: #3366ff;\">Kontakt:<\/span>\r\nTelefon: 08531 323 678\r\nFax: 08531 310 422\r\nMobil: 0176 473 55 379\r\nMail: info@weinhandel-blum.de<\/span><\/strong><\/pre>\n<p>&nbsp;<\/p>\n<p><span style=\"font-family: arial, helvetica, sans-serif; font-size: 12pt;\"><b>Webmaster:<\/b><\/span><\/p>\n<p><span style=\"font-family: arial, helvetica, sans-serif; font-size: 12pt;\"><strong>Klaus Blum<\/strong><\/span><\/p>\n<p><span style=\"font-family: arial, helvetica, sans-serif; font-size: 10pt;\">Informationen zur Homepage senden Sie bitte an:&nbsp; info@weinhandel-blum.de<\/span><\/p>\n<p><span style=\"font-family: arial, helvetica, sans-serif; font-size: 12pt;\"><strong>Umsatzsteuer-ID:<\/strong><\/span><\/p>\n<p style=\"text-align: left;\"><span style=\"font-family: arial, helvetica, sans-serif; font-size: 10pt;\">Keine Ausweisung der Mehrwertsteuer auf der Rechnung nach \u00a7 19 UStG<\/span><br \/>\n<span style=\"font-family: arial, helvetica, sans-serif; font-size: 10pt;\"> Umsatzsteuer-Identifikationsnummer gem\u00e4\u00df \u00a727 a Umsatzsteuergesetz: <\/span><span style=\"font-family: arial, helvetica, sans-serif; font-size: 10pt;\">DE 153\/205\/71704<\/span><\/p>\n<p><span style=\"font-size: 12pt; font-family: arial, helvetica, sans-serif;\"><strong>Verpackungsgesetz \u00a7 7 und \u00a79<\/strong><\/span><\/p>\n<p><span style=\"font-family: arial, helvetica, sans-serif; font-size: 10pt;\">Weinhandel Blum ist als Hersteller von systembeteiligungspflichtigen Verpackungen bei der Zentralen Stelle f\u00fcr Verpackungsregister (LUCID) unter der Registrierungsnummer DE3413618791435 gem\u00e4\u00df \u00a7 9 Verpackungsgesetz registriert. Gem\u00e4\u00df \u00a77 (1) Verpackungsgesetz sind unsere Verpackungen beim Dualen System Zentek GmbH lizensiert.<\/span><\/p>\n<p><span style=\"font-family: arial, helvetica, sans-serif; font-size: 12pt;\"><strong>Alternative Streitbeilegung gem\u00e4\u00df Art. 14 Abs. 1 ODR-VO und \u00a7 36 VSBG:&nbsp; <\/strong><\/span><\/p>\n<p><span style=\"font-family: arial, helvetica, sans-serif; font-size: 10pt;\">Die Europ\u00e4ische Kommission stellt eine Plattform zur Online-Streitbeilegung (OS) bereit, die Sie unter <a href=\"https:\/\/ec.europa.eu\/consumers\/odr\/\" target=\"_blank\" rel=\"noopener noreferrer\">https:\/\/ec.europa.eu\/consumers\/odr\/<\/a> finden. Verbraucher haben die M\u00f6glichkeit, diese Plattform f\u00fcr die Beilegung ihrer Streitigkeiten zu nutzen. Wir sind grunds\u00e4tzlich bereit, an einem au\u00dfergerichtlichen Schlichtungsverfahren teilzunehmen.<\/span><\/p>\n<p><span style=\"font-family: arial, helvetica, sans-serif; font-size: 10pt;\">Quelle: <em>Mit dem von <a href=\"http:\/\/www.e-recht24.de\" rel=\"nofollow\">eRecht24<\/a> bereitgestellten Impressum-Generator erzeugt.<\/em><\/span><\/p>\n<p><span style=\"color: #000000; font-family: arial, helvetica, sans-serif; font-size: 12pt;\"><strong>Haftungsausschluss:<\/strong><\/span><\/p>\n<p><span style=\"color: #000000; font-family: arial, helvetica, sans-serif; font-size: 10pt;\"><strong>Haftung f\u00fcr Inhalte<\/strong><\/span><\/p>\n<p style=\"text-align: justify;\"><span style=\"color: #000000; font-family: arial, helvetica, sans-serif; font-size: 10pt;\">Die Inhalte unserer Seiten wurden mit gr\u00f6\u00dfter Sorgfalt erstellt. F\u00fcr die Richtigkeit, Vollst\u00e4ndigkeit und Aktualit\u00e4t der Inhalte k\u00f6nnen wir jedoch keine Gew\u00e4hr \u00fcbernehmen. Als Diensteanbieter sind wir gem\u00e4\u00df \u00a7 7 Abs.1 TMG f\u00fcr eigene Inhalte auf diesen Seiten nach den allgemeinen Gesetzen verantwortlich. Nach \u00a7\u00a7 8 bis 10 TMG sind wir als Diensteanbieter jedoch nicht verpflichtet, \u00fcbermittelte oder gespeicherte fremde Informationen zu \u00fcberwachen oder nach Umst\u00e4nden zu forschen, die auf eine rechtswidrige T\u00e4tigkeit hinweisen. Verpflichtungen zur Entfernung oder Sperrung der Nutzung von Informationen nach den allgemeinen Gesetzen bleiben hiervon unber\u00fchrt. Eine diesbez\u00fcgliche Haftung ist jedoch erst ab dem Zeitpunkt der Kenntnis einer konkreten Rechtsverletzung m\u00f6glich. Bei Bekanntwerden von entsprechenden Rechtsverletzungen werden wir diese Inhalte umgehend entfernen.<\/span><\/p>\n<p><span style=\"color: #000000; font-family: arial, helvetica, sans-serif; font-size: 10pt;\"><strong>Haftung f\u00fcr Links<\/strong><\/span><\/p>\n<p style=\"text-align: justify;\"><span style=\"color: #000000; font-family: arial, helvetica, sans-serif; font-size: 10pt;\">Unser Angebot enth\u00e4lt Links zu externen Webseiten Dritter, auf deren Inhalte wir keinen Einfluss haben. Deshalb k\u00f6nnen wir f\u00fcr diese fremden Inhalte auch keine Gew\u00e4hr \u00fcbernehmen. F\u00fcr die Inhalte der verlinkten Seiten ist stets der jeweilige Anbieter oder Betreiber der Seiten verantwortlich. Die verlinkten Seiten wurden zum Zeitpunkt der Verlinkung auf m\u00f6gliche Rechtsverst\u00f6\u00dfe \u00fcberpr\u00fcft. Rechtswidrige Inhalte waren zum Zeitpunkt der Verlinkung nicht erkennbar. Eine permanente inhaltliche Kontrolle der verlinkten Seiten ist jedoch ohne konkrete Anhaltspunkte einer Rechtsverletzung nicht zumutbar. Bei Bekanntwerden von Rechtsverletzungen werden wir derartige Links umgehend entfernen.<\/span><\/p>\n<p><span style=\"color: #000000; font-family: arial, helvetica, sans-serif; font-size: 10pt;\"><strong>Urheberrecht<\/strong><\/span><\/p>\n<p style=\"text-align: justify;\"><span style=\"color: #000000; font-family: arial, helvetica, sans-serif; font-size: 10pt;\">Die durch die Seitenbetreiber erstellten Inhalte und Werke auf diesen Seiten unterliegen dem deutschen Urheberrecht. Die Vervielf\u00e4ltigung, Bearbeitung, Verbreitung und jede Art der Verwertung au\u00dferhalb der Grenzen des Urheberrechtes bed\u00fcrfen der schriftlichen Zustimmung des jeweiligen Autors bzw. Erstellers. Downloads und Kopien dieser Seite sind nur f\u00fcr den privaten, nicht kommerziellen Gebrauch gestattet. Soweit die Inhalte auf dieser Seite nicht vom Betreiber erstellt wurden, werden die Urheberrechte Dritter beachtet. Insbesondere werden Inhalte Dritter als solche gekennzeichnet. Sollten Sie trotzdem auf eine Urheberrechtsverletzung aufmerksam werden, bitten wir um einen entsprechenden Hinweis. Bei Bekanntwerden von Rechtsverletzungen werden wir derartige Inhalte umgehend entfernen.<\/span><\/p>\n<p><span style=\"color: #000000; font-family: arial, helvetica, sans-serif; font-size: 10pt;\"><strong>Verwendung von Social-Media-Button<\/strong><\/span><\/p>\n<p style=\"text-align: justify;\"><span style=\"color: #000000; font-family: arial, helvetica, sans-serif; font-size: 10pt;\">Auf unseren Webseiten sind Social Plugins verschiedener sozialer Internetnetzwerke (z.B. Facebook, Twitter, Google+, oder Pinterest) integriert. Diese erm\u00f6glichen Ihnen, Lesezeichen auf diese Seiten zu setzen und diese Lesezeichen mit anderen Teilnehmern der sozialen Internetnetzwerke zu teilen. Social Plugins erkennen Sie an den Logos, die auf den Webseiten der sozialen Internetnetzwerke eingesehen werden k\u00f6nnen.<\/span><\/p>\n<p style=\"text-align: justify;\"><span style=\"color: #000000; font-family: arial, helvetica, sans-serif; font-size: 10pt;\">Wenn Sie in unserem Internetangebot eine Webseite aufrufen, die diese Social Plugins enth\u00e4lt, wird eine direkte Verbindung mit den Servern der sozialen Internetnetzwerke aufgebaut und von dort aus das dann f\u00fcr Sie sichtbare Bild des Plugins und die dahinterliegenden Funktionen direkt an Ihren Browser \u00fcbermittelt, der sie in die Darstellung unserer Internetseite einbindet. Sind Sie bei dem sozialen Internetnetzwerk zu diesem Zeitpunkt mit Ihrem Benutzernamen und Kennwort eingeloggt, wird dorthin die Information, dass Sie unsere Seite besuchen, \u00fcbertragen und kann dort Ihrem Benutzerkonto zugeordnet werden. Wenn Sie mit den Social Plugins interagieren, d.h. z.B. eine unserer Seiten teilen oder z.B. die Facebook-\u201dGef\u00e4llt mir\u201d oder \u201eTeilen\u201c, die Pinterest \u201ePin-it\u201c- oder die Twitter-\u201dTweet This\u201d-Funktion nutzen, werden die Inhalte unserer Seiten mit Ihrem Profil im sozialen Internetnetzwerk verlinkt. Falls Sie kein Mitglied der sozialen Internetnetzwerke sind oder sich vor dem Besuch unserer Seiten bei den Anbietern ausgeloggt haben, besteht dennoch die M\u00f6glichkeit, dass zumindest Ihre IP-Adresse \u00fcbermittelt und dort gespeichert wird.<\/span><\/p>\n<p style=\"text-align: justify;\"><span style=\"color: #000000; font-family: arial, helvetica, sans-serif; font-size: 10pt;\">Wir weisen darauf hin, dass f\u00fcr diese verlinkten Webseiten von Drittbetreibern andere Datenschutzrichtlinien und Haftungsregelungen gelten. Die Speicherung und Nutzung von Daten durch den Seitenbetreiber, die bei Nutzung dieser verlinkten Seiten anfallen, kann den Umfang der vorliegenden Datenschutzerkl\u00e4rung \u00fcberschreiten. Die Weiterverarbeitung auf den angeschlossenen sozialen Internetnetzwerken, Speicherdauern wie auch der Verwendungszweck wird ausschlie\u00dflich von diesen Anbietern bestimmt. N\u00e4here Informationen \u00fcber die verwendeten Social Plugins und die Datenschutzhinweise dieser Anbieter entnehmen Sie bitte den folgenden Links.<\/span><\/p>\n<table border=\"1\" cellpadding=\"0\">\n<thead>\n<tr>\n<td>\n<p align=\"center\"><span style=\"color: #000000; font-family: times new roman,times,serif; font-size: 10pt;\"><strong>Social Plugin<\/strong><\/span><\/p>\n<\/td>\n<td>\n<p align=\"center\"><span style=\"color: #000000; font-family: times new roman,times,serif; font-size: 10pt;\"><strong>Betreiber des&nbsp;sozialen Internet-Netzwerks<\/strong><\/span><\/p>\n<\/td>\n<td>\n<p align=\"center\"><span style=\"color: #000000; font-family: times new roman,times,serif; font-size: 10pt;\"><strong>Datenschutzerkl\u00e4rung&nbsp;des sozialen Internet-Netzwerks<\/strong><\/span><\/p>\n<\/td>\n<\/tr>\n<\/thead>\n<tbody>\n<tr>\n<td><span style=\"color: #000000; font-family: times new roman,times,serif; font-size: 10pt;\">Facebook Gef\u00e4llt mir \/ Teilen&nbsp;&nbsp; Button<\/span><\/td>\n<td><span style=\"color: #000000; font-family: times new roman,times,serif; font-size: 10pt;\">Facebook,&nbsp;&nbsp; Inc., 1601 South California AvenuePalo Alto, CA 94304, USA<\/span><\/td>\n<td><span style=\"color: #000000; font-family: times new roman,times,serif; font-size: 10pt;\"><a style=\"color: #000000;\" href=\"http:\/\/de-de.facebook.com\/about\/privacy\/\" target=\"_blank\" rel=\"noopener noreferrer\">http:\/\/de-de.facebook.com\/about\/privacy\/<\/a><\/span><\/td>\n<\/tr>\n<tr>\n<td><span style=\"color: #000000; font-family: times new roman,times,serif; font-size: 10pt;\">Twitter Tweet This Button<\/span><\/td>\n<td><span style=\"color: #000000; font-family: times new roman,times,serif; font-size: 10pt;\">Twitter,&nbsp;&nbsp; Inc., 795 Folsom St., Suite 600, San Francisco, CA 94107, USA<\/span><\/td>\n<td><span style=\"color: #000000; font-family: times new roman,times,serif; font-size: 10pt;\"><a style=\"color: #000000;\" href=\"http:\/\/twitter.com\/privacy\" target=\"_blank\" rel=\"noopener noreferrer\">http:\/\/twitter.com\/privacy<\/a><\/span><\/td>\n<\/tr>\n<tr>\n<td><span style=\"color: #000000; font-family: times new roman,times,serif; font-size: 10pt;\">Pin-It Button<\/span><\/td>\n<td><span style=\"color: #000000; font-family: times new roman,times,serif; font-size: 10pt;\">Pinterest&nbsp;&nbsp; Inc., 635 High Street, Palo Alto, CA, 94301, USA<\/span><\/td>\n<td><span style=\"color: #000000; font-family: times new roman,times,serif; font-size: 10pt;\"><a style=\"color: #000000;\" href=\"http:\/\/pinterest.com\/about\/privacy\/\" target=\"_blank\" rel=\"noopener noreferrer\">http:\/\/pinterest.com\/about\/privacy\/<\/a><\/span><\/td>\n<\/tr>\n<tr>\n<td><span style=\"color: #000000; font-family: times new roman,times,serif; font-size: 10pt;\">Google+ Button<\/span><\/td>\n<td><span style=\"color: #000000; font-family: times new roman,times,serif; font-size: 10pt;\">Google&nbsp;&nbsp; Inc., Amphitheatre Parkway, Mountain View, CA 94043, USA<\/span><\/td>\n<td><span style=\"color: #000000; font-family: times new roman,times,serif; font-size: 10pt;\"><a style=\"color: #000000;\" href=\"http:\/\/www.google.com\/intl\/de\/policies\/privacy\/\" target=\"_blank\" rel=\"noopener noreferrer\">http:\/\/www.google.com\/intl\/de\/policies\/privacy\/<\/a><\/span><\/td>\n<\/tr>\n<\/tbody>\n<\/table>\n<p><span style=\"color: #000000; font-family: tahoma,arial,helvetica,sans-serif; font-size: 10pt;\"><em>Quellverweis: <a style=\"color: #000000;\" href=\"http:\/\/www.e-recht24.de\/muster-disclaimer.htm\" target=\"_blank\" rel=\"noopener noreferrer\">Disclaimer<\/a> von eRecht24, dem Portal zum Internetrecht von Rechtsanwalt S\u00f6ren Siebert<\/em><\/span><br \/>\n<div class=\"woocommerce woocommerce-gzd woocommerce-gzd-complaints-shortcode\">\n\t\t\t<h3>Alternative Streitbeilegung gem\u00e4\u00df Art. 14 Abs. 1 ODR-VO und \u00a7 36 VSBG:<\/h3>\n\t\nZur Teilnahme an einem Streitbeilegungsverfahren vor einer Verbraucherschlichtungsstelle sind wir nicht verpflichtet und nicht bereit.<\/div><\/p>\n","protected":false},"excerpt":{"rendered":"<p>Angaben gem\u00e4\u00df $5 TMG Weinhandel Blum; Grafenspitz 33; 94099 Ruhstorf Vertreten durch: Klaus Blum Kontakt: Telefon: 08531 323 678 Fax: 08531 310 422 Mobil: 0176 473 55 379 Mail: info@weinhandel-blum.de &nbsp; Webmaster: Klaus Blum Informationen zur Homepage senden Sie bitte an:&nbsp; info@weinhandel-blum.de Umsatzsteuer-ID: Keine Ausweisung der Mehrwertsteuer auf der Rechnung nach \u00a7 19 UStG Umsatzsteuer-Identifikationsnummer [&hellip;]<\/p>\n","protected":false},"author":2,"featured_media":0,"parent":3867,"menu_order":4,"comment_status":"closed","ping_status":"closed","template":"","meta":{"ngg_post_thumbnail":0,"footnotes":""},"class_list":["post-290","page","type-page","status-publish","hentry"],"_links":{"self":[{"href":"https:\/\/www.weinhandel-blum.de\/whb\/index.php\/wp-json\/wp\/v2\/pages\/290","targetHints":{"allow":["GET"]}}],"collection":[{"href":"https:\/\/www.weinhandel-blum.de\/whb\/index.php\/wp-json\/wp\/v2\/pages"}],"about":[{"href":"https:\/\/www.weinhandel-blum.de\/whb\/index.php\/wp-json\/wp\/v2\/types\/page"}],"author":[{"embeddable":true,"href":"https:\/\/www.weinhandel-blum.de\/whb\/index.php\/wp-json\/wp\/v2\/users\/2"}],"replies":[{"embeddable":true,"href":"https:\/\/www.weinhandel-blum.de\/whb\/index.php\/wp-json\/wp\/v2\/comments?post=290"}],"version-history":[{"count":40,"href":"https:\/\/www.weinhandel-blum.de\/whb\/index.php\/wp-json\/wp\/v2\/pages\/290\/revisions"}],"predecessor-version":[{"id":3936,"href":"https:\/\/www.weinhandel-blum.de\/whb\/index.php\/wp-json\/wp\/v2\/pages\/290\/revisions\/3936"}],"up":[{"embeddable":true,"href":"https:\/\/www.weinhandel-blum.de\/whb\/index.php\/wp-json\/wp\/v2\/pages\/3867"}],"wp:attachment":[{"href":"https:\/\/www.weinhandel-blum.de\/whb\/index.php\/wp-json\/wp\/v2\/media?parent=290"}],"curies":[{"name":"wp","href":"https:\/\/api.w.org\/{rel}","templated":true}]}}